{"version":"1.0","provider_name":"Appartementen Mas de Pau","provider_url":"https:\/\/masdepau.es\/nl","author_name":"R21-MdP-Pau","author_url":"https:\/\/masdepau.es\/nl\/author\/r21-mdp-pau\/","title":"EL JARD\u00cdN DE PETER - Pobla de Benifass\u00e0, Castell\u00f3n - Appartementen Mas de Pau","type":"rich","width":600,"height":338,"html":"<blockquote class=\"wp-embedded-content\" data-secret=\"3GC4xVGdW7\"><a href=\"https:\/\/masdepau.es\/nl\/el-jardin-de-peter-pobla-de-benifassa-castellon\/\">EL JARD\u00cdN DE PETER &#8211; Pobla de Benifass\u00e0, Castell\u00f3n<\/a><\/blockquote><iframe sandbox=\"allow-scripts\" security=\"restricted\" src=\"https:\/\/masdepau.es\/nl\/el-jardin-de-peter-pobla-de-benifassa-castellon\/embed\/#?secret=3GC4xVGdW7\" width=\"600\" height=\"338\" title=\"&#8220;EL JARD\u00cdN DE PETER &#8211; Pobla de Benifass\u00e0, Castell\u00f3n&#8221; &#8212; Appartementen Mas de Pau\" data-secret=\"3GC4xVGdW7\" frameborder=\"0\" marginwidth=\"0\" marginheight=\"0\" scrolling=\"no\" class=\"wp-embedded-content\"><\/iframe><script>\n\/*! This file is auto-generated *\/\n!function(d,l){\"use strict\";l.querySelector&&d.addEventListener&&\"undefined\"!=typeof URL&&(d.wp=d.wp||{},d.wp.receiveEmbedMessage||(d.wp.receiveEmbedMessage=function(e){var t=e.data;if((t||t.secret||t.message||t.value)&&!\/[^a-zA-Z0-9]\/.test(t.secret)){for(var s,r,n,a=l.querySelectorAll('iframe[data-secret=\"'+t.secret+'\"]'),o=l.querySelectorAll('blockquote[data-secret=\"'+t.secret+'\"]'),c=new RegExp(\"^https?:$\",\"i\"),i=0;i<o.length;i++)o[i].style.display=\"none\";for(i=0;i<a.length;i++)s=a[i],e.source===s.contentWindow&&(s.removeAttribute(\"style\"),\"height\"===t.message?(1e3<(r=parseInt(t.value,10))?r=1e3:~~r<200&&(r=200),s.height=r):\"link\"===t.message&&(r=new URL(s.getAttribute(\"src\")),n=new URL(t.value),c.test(n.protocol))&&n.host===r.host&&l.activeElement===s&&(d.top.location.href=t.value))}},d.addEventListener(\"message\",d.wp.receiveEmbedMessage,!1),l.addEventListener(\"DOMContentLoaded\",function(){for(var e,t,s=l.querySelectorAll(\"iframe.wp-embedded-content\"),r=0;r<s.length;r++)(t=(e=s[r]).getAttribute(\"data-secret\"))||(t=Math.random().toString(36).substring(2,12),e.src+=\"#?secret=\"+t,e.setAttribute(\"data-secret\",t)),e.contentWindow.postMessage({message:\"ready\",secret:t},\"*\")},!1)))}(window,document);\n<\/script>\n","thumbnail_url":"https:\/\/masdepau.es\/nl\/wp-content\/uploads\/sites\/4\/2022\/09\/IMG_20210806_154551.jpg","thumbnail_width":1210,"thumbnail_height":907,"description":"Afstand vanaf Mas de Pau: 1h05 minuten met de auto Offici\u00eble website: \u00a0https:\/\/www.petersgarden.org\/ Openingsuren: van 11:00 tot 19:00 horas (indicatief) De tuin van Peter is een merkwaardige tuin vol sculpturen midden in de natuur, gecre\u00eberd door Peter Buch, een Duitse kunstenaar die meer dan 25 jaar geleden in La Pobla de Benifass\u00e0 kwam wonen en"}